{"id":15336,"date":"2025-09-29T14:51:37","date_gmt":"2025-09-29T14:51:37","guid":{"rendered":"https:\/\/sla-basel.ch\/?page_id=15336"},"modified":"2025-09-29T15:05:12","modified_gmt":"2025-09-29T15:05:12","slug":"telc-pratteln","status":"publish","type":"page","link":"https:\/\/sla-basel.ch\/en\/telc-pratteln\/","title":{"rendered":"telc Pratteln"},"content":{"rendered":"<div data-elementor-type=\"wp-page\" data-elementor-id=\"15336\" class=\"elementor elementor-15336\">\n\t\t\t\t<div class=\"elementor-element elementor-element-2351671 e-flex e-con-boxed e-con e-parent\" data-id=\"2351671\" data-element_type=\"container\">\n\t\t\t\t\t<div class=\"e-con-inner\">\n\t\t<div class=\"elementor-element elementor-element-003b70b e-con-full e-flex e-con e-child\" data-id=\"003b70b\" data-element_type=\"container\">\n\t\t\t\t<div class=\"elementor-element elementor-element-c035e5c elementor-widget elementor-widget-heading\" data-id=\"c035e5c\" data-element_type=\"widget\" data-widget_type=\"heading.default\">\n\t\t\t\t<div class=\"elementor-widget-container\">\n\t\t\t\t\t<h6 class=\"elementor-heading-title elementor-size-default\">FIDE TEST BASEL<\/h6>\t\t\t\t<\/div>\n\t\t\t\t<\/div>\n\t\t\t\t<div class=\"elementor-element elementor-element-cee6bc1 elementor-widget elementor-widget-heading\" data-id=\"cee6bc1\" data-element_type=\"widget\" data-widget_type=\"heading.default\">\n\t\t\t\t<div class=\"elementor-widget-container\">\n\t\t\t\t\t<h2 class=\"elementor-heading-title elementor-size-default\">German telc exam not available in Pratteln? SLA Basel has the solution!\n<\/h2>\t\t\t\t<\/div>\n\t\t\t\t<\/div>\n\t\t\t\t<div class=\"elementor-element elementor-element-e0c283d elementor-widget elementor-widget-text-editor\" data-id=\"e0c283d\" data-element_type=\"widget\" data-widget_type=\"text-editor.default\">\n\t\t\t\t<div class=\"elementor-widget-container\">\n\t\t\t\t\t\t\t\t\t<p><span style=\"font-weight: 400;\">If you live in Pratteln and cannot find an examination centre or suitable exam dates for the telc German exam, it is not the end of the world. With <\/span><b>SLA Basel<\/b><span style=\"font-weight: 400;\"> there is an officially recognised examination institution in Basel. At this examination centre, you can take an exam for a telc certificate, even if you live in Pratteln. With this language certificate, you have internationally recognised confirmation of your German language skills.\u00a0<\/span><\/p><p><span style=\"font-weight: 400;\">The telc German certificate is based on the Common European Framework of Reference for Languages (CEFR), and with this German certificate you can handle many matters in Switzerland, Austria and Germany such as entry visas, professional recognition or university admission.<\/span><\/p><p><span style=\"font-weight: 400;\">So you don't have to wait months or perhaps years for a <\/span><b>telc German exam in Pratteln<\/b><span style=\"font-weight: 400;\"> is offered. If you <\/span><b>German<\/b> <b>telc Exam in Basel<\/b><span style=\"font-weight: 400;\"> you can achieve your goal just as efficiently and reliably. The main thing is that you have prepared well for this exam and are taking the opportunity to have your German language skills officially confirmed.<\/span><\/p><p><span style=\"font-weight: 400;\">At our examination centre in Basel, it is possible to take the following telc German examinations:\u00a0<\/span><\/p><ul><li style=\"font-weight: 400;\" aria-level=\"1\"><span style=\"font-weight: 400;\">telc A1 German exam<\/span><\/li><li style=\"font-weight: 400;\" aria-level=\"1\"><span style=\"font-weight: 400;\">telc A2 German exam<\/span><\/li><li style=\"font-weight: 400;\" aria-level=\"1\"><span style=\"font-weight: 400;\">telc B1 German exam<\/span><\/li><li style=\"font-weight: 400;\" aria-level=\"1\"><span style=\"font-weight: 400;\">telc B2 German examination<\/span><\/li><\/ul><p>\u00a0<\/p><p><b>What makes the telc exam in Basel special<\/b><\/p><p><span style=\"font-weight: 400;\">At <\/span><b>telc German exam<\/b><span style=\"font-weight: 400;\"> comprises a written part (reading, listening and writing) and an oral part. These language exams were developed by leading language teaching experts and testing specialists. These experts are known for their reliability, accuracy and objectivity. Your German language certificate is therefore binding, legally secure and objective.<\/span><\/p><p><span style=\"font-weight: 400;\">As SLA Basel, we consider it very important that you have trained telc examiners at your side for the oral part and telc invigilators for the written part during the exam. Furthermore, we do not expect you to<\/span><b> telc preparation course<\/b> <b>in Basel<\/b><span style=\"font-weight: 400;\"> Come along. Simply register for the exam, pop in to see us and sit the telc exam to gain a recognised qualification.<\/span><\/p><p><b>Who benefits from a telc certificate in German?<\/b><\/p><p><span style=\"font-weight: 400;\">Everyone can benefit from a telc certificate in German. Anyone who <\/span><b>German telc certificate in Pratteln<\/b><span style=\"font-weight: 400;\"> If you hold this certificate, it will open many doors for you in this city, but also throughout the German-speaking world. Whether it\u2019s an entry visa, professional recognition or university admission, this German language certificate gives you the key to new opportunities and possibilities. If you feel ready for this exam and want to boost your CV when looking for work, you should definitely make the most of this opportunity.<\/span><\/p><p><b>No available appointments for the German telc certificate in Pratteln? Come to Basel!<\/b><\/p><p><span style=\"font-weight: 400;\">Whether you\u2019re sitting the telc B1 German or telc B2 German exam, our exam centre at SLA Basel offers a wide range of exam dates. Simply register for a suitable exam date and combine it with a short trip to the beautiful \u2018Dreil\u00e4ndereck\u2019 region. A <\/span><b>telc B1 Certificate<\/b><span style=\"font-weight: 400;\"> or <\/span><b>telc B2 Certificate in Pratteln<\/b><span style=\"font-weight: 400;\"> can open many doors for you.\u00a0<\/span><\/p><p><b>The telc exam in Basel as a flexible solution<\/b><\/p><p><span style=\"font-weight: 400;\">The exam centre at SLA Basel is perfectly suited for those who<\/span><b> telc certificate in Pratteln<\/b><span style=\"font-weight: 400;\"> cannot purchase. But this also applies to many people in other towns and cities across Switzerland. SLA Basel is also here to help you if you<\/span><\/p><ul><li style=\"font-weight: 400;\" aria-level=\"1\"><span style=\"font-weight: 400;\">telc certificate in Zurich<\/span><\/li><li style=\"font-weight: 400;\" aria-level=\"1\"><span style=\"font-weight: 400;\">telc certificate in Rheinfelden<\/span><\/li><li style=\"font-weight: 400;\" aria-level=\"1\"><span style=\"font-weight: 400;\">telc certificate in Muttenz<\/span><\/li><li style=\"font-weight: 400;\" aria-level=\"1\"><span style=\"font-weight: 400;\">telc certificate in Liestal<\/span><\/li><li style=\"font-weight: 400;\" aria-level=\"1\"><span style=\"font-weight: 400;\">telc certificate in Olten<\/span><\/li><li style=\"font-weight: 400;\" aria-level=\"1\"><span style=\"font-weight: 400;\">telc certificate in Biel-Bienne<\/span><\/li><li style=\"font-weight: 400;\" aria-level=\"1\"><span style=\"font-weight: 400;\">telc certificate in Solothurn<\/span><\/li><li style=\"font-weight: 400;\" aria-level=\"1\"><span style=\"font-weight: 400;\">telc certificate in Aarau<\/span><\/li><li style=\"font-weight: 400;\" aria-level=\"1\"><span style=\"font-weight: 400;\">telc certificate in Baden near Aarau<\/span><\/li><li style=\"font-weight: 400;\" aria-level=\"1\"><span style=\"font-weight: 400;\">telc certificate in Lucerne<\/span><\/li><li style=\"font-weight: 400;\" aria-level=\"1\"><span style=\"font-weight: 400;\">telc certificate in Winterthur<\/span><\/li><li style=\"font-weight: 400;\" aria-level=\"1\"><span style=\"font-weight: 400;\">telc certificate in Bern<\/span><\/li><li style=\"font-weight: 400;\" aria-level=\"1\"><span style=\"font-weight: 400;\">telc certificate in Schaffhausen<\/span><\/li><li style=\"font-weight: 400;\" aria-level=\"1\"><span style=\"font-weight: 400;\">telc certificate in Zug<\/span><\/li><\/ul><p><span style=\"font-weight: 400;\">for whatever reason. Anyone who values an efficient, pleasant and professional exam experience, and who has been unable to find a telc exam centre or a suitable exam date in Pratteln, will always find suitable exam dates with us, with trained telc examiners and assessors.\u00a0<\/span><\/p><p><span style=\"font-weight: 400;\">So you don\u2019t necessarily have to take part in a\u00a0<\/span><\/p><ul><li style=\"font-weight: 400;\" aria-level=\"1\"><span style=\"font-weight: 400;\">telc exam in Zurich<\/span><\/li><li style=\"font-weight: 400;\" aria-level=\"1\"><span style=\"font-weight: 400;\">telc exam in Rheinfelden<\/span><\/li><li style=\"font-weight: 400;\" aria-level=\"1\"><span style=\"font-weight: 400;\">telc exam in Liestal<\/span><\/li><li style=\"font-weight: 400;\" aria-level=\"1\"><span style=\"font-weight: 400;\">telc exam in Muttenz<\/span><\/li><li style=\"font-weight: 400;\" aria-level=\"1\"><span style=\"font-weight: 400;\">telc exam in Olten<\/span><\/li><li style=\"font-weight: 400;\" aria-level=\"1\"><span style=\"font-weight: 400;\">telc exam in Biel-Bienne<\/span><\/li><li style=\"font-weight: 400;\" aria-level=\"1\"><span style=\"font-weight: 400;\">telc exam in Solothurn<\/span><\/li><li style=\"font-weight: 400;\" aria-level=\"1\"><span style=\"font-weight: 400;\">telc exam in Aarau<\/span><\/li><li style=\"font-weight: 400;\" aria-level=\"1\"><span style=\"font-weight: 400;\">telc examination in Baden near Aarau<\/span><\/li><li style=\"font-weight: 400;\" aria-level=\"1\"><span style=\"font-weight: 400;\">telc exam in Lucerne<\/span><\/li><li style=\"font-weight: 400;\" aria-level=\"1\"><span style=\"font-weight: 400;\">telc exam in Winterthur<\/span><\/li><li style=\"font-weight: 400;\" aria-level=\"1\"><span style=\"font-weight: 400;\">telc exam in Bern<\/span><\/li><li style=\"font-weight: 400;\" aria-level=\"1\"><span style=\"font-weight: 400;\">telc exam in Schaffhausen<\/span><\/li><li style=\"font-weight: 400;\" aria-level=\"1\"><span style=\"font-weight: 400;\">telc exam in Zug<\/span><\/li><\/ul><p><span style=\"font-weight: 400;\">Take part. Once you\u2019ve successfully completed your telc exam with us, you can look forward to receiving a language certificate that\u2019s recognised worldwide.\u00a0<\/span><\/p><p><span style=\"font-weight: 400;\">The telc exams take place at the SLA Basel examination centre at M\u00fcnchensteinerstrasse 2, 4052 Basel. You will receive the German certificate and the test results directly by post in 4 to 6 weeks. Therefore, you do not need to travel to Basel again.<\/span><\/p>\t\t\t\t\t\t\t\t<\/div>\n\t\t\t\t<\/div>\n\t\t\t\t<\/div>\n\t\t<div class=\"elementor-element elementor-element-18e6d66 e-con-full e-flex e-con e-child\" data-id=\"18e6d66\" data-element_type=\"container\" data-settings=\"{&quot;background_background&quot;:&quot;classic&quot;}\">\n\t\t<div class=\"elementor-element elementor-element-10d9f9d e-con-full e-flex e-con e-child\" data-id=\"10d9f9d\" data-element_type=\"container\" data-settings=\"{&quot;background_background&quot;:&quot;classic&quot;}\">\n\t\t<div class=\"elementor-element elementor-element-c461139 e-con-full e-flex e-con e-child\" data-id=\"c461139\" data-element_type=\"container\">\n\t\t\t\t<div class=\"elementor-element elementor-element-5944c31 elementor-widget elementor-widget-image\" data-id=\"5944c31\" data-element_type=\"widget\" data-widget_type=\"image.default\">\n\t\t\t\t<div class=\"elementor-widget-container\">\n\t\t\t\t\t\t\t\t\t\t\t\t\t\t\t<img fetchpriority=\"high\" decoding=\"async\" width=\"640\" height=\"426\" src=\"https:\/\/sla-basel.ch\/wp-content\/uploads\/2025\/03\/2.jpg\" class=\"attachment-large size-large wp-image-14161\" alt=\"\" srcset=\"https:\/\/sla-basel.ch\/wp-content\/uploads\/2025\/03\/2.jpg 940w, https:\/\/sla-basel.ch\/wp-content\/uploads\/2025\/03\/2-300x199.jpg 300w, https:\/\/sla-basel.ch\/wp-content\/uploads\/2025\/03\/2-768x511.jpg 768w, https:\/\/sla-basel.ch\/wp-content\/uploads\/2025\/03\/2-600x399.jpg 600w\" sizes=\"(max-width: 640px) 100vw, 640px\" \/>\t\t\t\t\t\t\t\t\t\t\t\t\t\t\t<\/div>\n\t\t\t\t<\/div>\n\t\t\t\t<div class=\"elementor-element elementor-element-d46cbc9 elementor-align-left elementor-icon-list--layout-traditional elementor-list-item-link-full_width elementor-widget elementor-widget-icon-list\" data-id=\"d46cbc9\" data-element_type=\"widget\" data-widget_type=\"icon-list.default\">\n\t\t\t\t<div class=\"elementor-widget-container\">\n\t\t\t\t\t\t\t<ul class=\"elementor-icon-list-items\">\n\t\t\t\t\t\t\t<li class=\"elementor-icon-list-item\">\n\t\t\t\t\t\t\t\t\t\t\t<a href=\"https:\/\/sla-basel.ch\/en\/telc-aarau\/\">\n\n\t\t\t\t\t\t\t\t\t\t\t\t<span class=\"elementor-icon-list-icon\">\n\t\t\t\t\t\t\t<svg aria-hidden=\"true\" class=\"e-font-icon-svg e-fas-arrow-circle-right\" viewbox=\"0 0 512 512\" xmlns=\"http:\/\/www.w3.org\/2000\/svg\"><path d=\"M256 8c137 0 248 111 248 248S393 504 256 504 8 393 8 256 119 8 256 8zm-28.9 143.6l75.5 72.4H120c-13.3 0-24 10.7-24 24v16c0 13.3 10.7 24 24 24h182.6l-75.5 72.4c-9.7 9.3-9.9 24.8-.4 34.3l11 10.9c9.4 9.4 24.6 9.4 33.9 0L404.3 273c9.4-9.4 9.4-24.6 0-33.9L271.6 106.3c-9.4-9.4-24.6-9.4-33.9 0l-11 10.9c-9.5 9.6-9.3 25.1.4 34.4z\"><\/path><\/svg>\t\t\t\t\t\t<\/span>\n\t\t\t\t\t\t\t\t\t\t<span class=\"elementor-icon-list-text\">telc Aarau<\/span>\n\t\t\t\t\t\t\t\t\t\t\t<\/a>\n\t\t\t\t\t\t\t\t\t<\/li>\n\t\t\t\t\t\t\t\t<li class=\"elementor-icon-list-item\">\n\t\t\t\t\t\t\t\t\t\t\t<a href=\"https:\/\/sla-basel.ch\/en\/telc-baden\/\">\n\n\t\t\t\t\t\t\t\t\t\t\t\t<span class=\"elementor-icon-list-icon\">\n\t\t\t\t\t\t\t<svg aria-hidden=\"true\" class=\"e-font-icon-svg e-fas-arrow-circle-right\" viewbox=\"0 0 512 512\" xmlns=\"http:\/\/www.w3.org\/2000\/svg\"><path d=\"M256 8c137 0 248 111 248 248S393 504 256 504 8 393 8 256 119 8 256 8zm-28.9 143.6l75.5 72.4H120c-13.3 0-24 10.7-24 24v16c0 13.3 10.7 24 24 24h182.6l-75.5 72.4c-9.7 9.3-9.9 24.8-.4 34.3l11 10.9c9.4 9.4 24.6 9.4 33.9 0L404.3 273c9.4-9.4 9.4-24.6 0-33.9L271.6 106.3c-9.4-9.4-24.6-9.4-33.9 0l-11 10.9c-9.5 9.6-9.3 25.1.4 34.4z\"><\/path><\/svg>\t\t\t\t\t\t<\/span>\n\t\t\t\t\t\t\t\t\t\t<span class=\"elementor-icon-list-text\">telc Baden<\/span>\n\t\t\t\t\t\t\t\t\t\t\t<\/a>\n\t\t\t\t\t\t\t\t\t<\/li>\n\t\t\t\t\t\t\t\t<li class=\"elementor-icon-list-item\">\n\t\t\t\t\t\t\t\t\t\t\t<a href=\"https:\/\/sla-basel.ch\/en\/telc-baselland\/\">\n\n\t\t\t\t\t\t\t\t\t\t\t\t<span class=\"elementor-icon-list-icon\">\n\t\t\t\t\t\t\t<svg aria-hidden=\"true\" class=\"e-font-icon-svg e-fas-arrow-circle-right\" viewbox=\"0 0 512 512\" xmlns=\"http:\/\/www.w3.org\/2000\/svg\"><path d=\"M256 8c137 0 248 111 248 248S393 504 256 504 8 393 8 256 119 8 256 8zm-28.9 143.6l75.5 72.4H120c-13.3 0-24 10.7-24 24v16c0 13.3 10.7 24 24 24h182.6l-75.5 72.4c-9.7 9.3-9.9 24.8-.4 34.3l11 10.9c9.4 9.4 24.6 9.4 33.9 0L404.3 273c9.4-9.4 9.4-24.6 0-33.9L271.6 106.3c-9.4-9.4-24.6-9.4-33.9 0l-11 10.9c-9.5 9.6-9.3 25.1.4 34.4z\"><\/path><\/svg>\t\t\t\t\t\t<\/span>\n\t\t\t\t\t\t\t\t\t\t<span class=\"elementor-icon-list-text\">telc Baselland<\/span>\n\t\t\t\t\t\t\t\t\t\t\t<\/a>\n\t\t\t\t\t\t\t\t\t<\/li>\n\t\t\t\t\t\t\t\t<li class=\"elementor-icon-list-item\">\n\t\t\t\t\t\t\t\t\t\t\t<a href=\"https:\/\/sla-basel.ch\/en\/telc-bern\/\">\n\n\t\t\t\t\t\t\t\t\t\t\t\t<span class=\"elementor-icon-list-icon\">\n\t\t\t\t\t\t\t<svg aria-hidden=\"true\" class=\"e-font-icon-svg e-fas-arrow-circle-right\" viewbox=\"0 0 512 512\" xmlns=\"http:\/\/www.w3.org\/2000\/svg\"><path d=\"M256 8c137 0 248 111 248 248S393 504 256 504 8 393 8 256 119 8 256 8zm-28.9 143.6l75.5 72.4H120c-13.3 0-24 10.7-24 24v16c0 13.3 10.7 24 24 24h182.6l-75.5 72.4c-9.7 9.3-9.9 24.8-.4 34.3l11 10.9c9.4 9.4 24.6 9.4 33.9 0L404.3 273c9.4-9.4 9.4-24.6 0-33.9L271.6 106.3c-9.4-9.4-24.6-9.4-33.9 0l-11 10.9c-9.5 9.6-9.3 25.1.4 34.4z\"><\/path><\/svg>\t\t\t\t\t\t<\/span>\n\t\t\t\t\t\t\t\t\t\t<span class=\"elementor-icon-list-text\">telc Bern<\/span>\n\t\t\t\t\t\t\t\t\t\t\t<\/a>\n\t\t\t\t\t\t\t\t\t<\/li>\n\t\t\t\t\t\t\t\t<li class=\"elementor-icon-list-item\">\n\t\t\t\t\t\t\t\t\t\t\t<a href=\"https:\/\/sla-basel.ch\/en\/telc-biel\/\">\n\n\t\t\t\t\t\t\t\t\t\t\t\t<span class=\"elementor-icon-list-icon\">\n\t\t\t\t\t\t\t<svg aria-hidden=\"true\" class=\"e-font-icon-svg e-fas-arrow-circle-right\" viewbox=\"0 0 512 512\" xmlns=\"http:\/\/www.w3.org\/2000\/svg\"><path d=\"M256 8c137 0 248 111 248 248S393 504 256 504 8 393 8 256 119 8 256 8zm-28.9 143.6l75.5 72.4H120c-13.3 0-24 10.7-24 24v16c0 13.3 10.7 24 24 24h182.6l-75.5 72.4c-9.7 9.3-9.9 24.8-.4 34.3l11 10.9c9.4 9.4 24.6 9.4 33.9 0L404.3 273c9.4-9.4 9.4-24.6 0-33.9L271.6 106.3c-9.4-9.4-24.6-9.4-33.9 0l-11 10.9c-9.5 9.6-9.3 25.1.4 34.4z\"><\/path><\/svg>\t\t\t\t\t\t<\/span>\n\t\t\t\t\t\t\t\t\t\t<span class=\"elementor-icon-list-text\">telc Biel<\/span>\n\t\t\t\t\t\t\t\t\t\t\t<\/a>\n\t\t\t\t\t\t\t\t\t<\/li>\n\t\t\t\t\t\t\t\t<li class=\"elementor-icon-list-item\">\n\t\t\t\t\t\t\t\t\t\t\t<a href=\"https:\/\/sla-basel.ch\/en\/telc-liestal\/\">\n\n\t\t\t\t\t\t\t\t\t\t\t\t<span class=\"elementor-icon-list-icon\">\n\t\t\t\t\t\t\t<svg aria-hidden=\"true\" class=\"e-font-icon-svg e-fas-arrow-circle-right\" viewbox=\"0 0 512 512\" xmlns=\"http:\/\/www.w3.org\/2000\/svg\"><path d=\"M256 8c137 0 248 111 248 248S393 504 256 504 8 393 8 256 119 8 256 8zm-28.9 143.6l75.5 72.4H120c-13.3 0-24 10.7-24 24v16c0 13.3 10.7 24 24 24h182.6l-75.5 72.4c-9.7 9.3-9.9 24.8-.4 34.3l11 10.9c9.4 9.4 24.6 9.4 33.9 0L404.3 273c9.4-9.4 9.4-24.6 0-33.9L271.6 106.3c-9.4-9.4-24.6-9.4-33.9 0l-11 10.9c-9.5 9.6-9.3 25.1.4 34.4z\"><\/path><\/svg>\t\t\t\t\t\t<\/span>\n\t\t\t\t\t\t\t\t\t\t<span class=\"elementor-icon-list-text\">telc Liestal<\/span>\n\t\t\t\t\t\t\t\t\t\t\t<\/a>\n\t\t\t\t\t\t\t\t\t<\/li>\n\t\t\t\t\t\t\t\t<li class=\"elementor-icon-list-item\">\n\t\t\t\t\t\t\t\t\t\t\t<a href=\"https:\/\/sla-basel.ch\/en\/telc-luzern\/\">\n\n\t\t\t\t\t\t\t\t\t\t\t\t<span class=\"elementor-icon-list-icon\">\n\t\t\t\t\t\t\t<svg aria-hidden=\"true\" class=\"e-font-icon-svg e-fas-arrow-circle-right\" viewbox=\"0 0 512 512\" xmlns=\"http:\/\/www.w3.org\/2000\/svg\"><path d=\"M256 8c137 0 248 111 248 248S393 504 256 504 8 393 8 256 119 8 256 8zm-28.9 143.6l75.5 72.4H120c-13.3 0-24 10.7-24 24v16c0 13.3 10.7 24 24 24h182.6l-75.5 72.4c-9.7 9.3-9.9 24.8-.4 34.3l11 10.9c9.4 9.4 24.6 9.4 33.9 0L404.3 273c9.4-9.4 9.4-24.6 0-33.9L271.6 106.3c-9.4-9.4-24.6-9.4-33.9 0l-11 10.9c-9.5 9.6-9.3 25.1.4 34.4z\"><\/path><\/svg>\t\t\t\t\t\t<\/span>\n\t\t\t\t\t\t\t\t\t\t<span class=\"elementor-icon-list-text\">telc Lucerne<\/span>\n\t\t\t\t\t\t\t\t\t\t\t<\/a>\n\t\t\t\t\t\t\t\t\t<\/li>\n\t\t\t\t\t\t\t\t<li class=\"elementor-icon-list-item\">\n\t\t\t\t\t\t\t\t\t\t\t<a href=\"https:\/\/sla-basel.ch\/en\/telc-muttenz\/\">\n\n\t\t\t\t\t\t\t\t\t\t\t\t<span class=\"elementor-icon-list-icon\">\n\t\t\t\t\t\t\t<svg aria-hidden=\"true\" class=\"e-font-icon-svg e-fas-arrow-circle-right\" viewbox=\"0 0 512 512\" xmlns=\"http:\/\/www.w3.org\/2000\/svg\"><path d=\"M256 8c137 0 248 111 248 248S393 504 256 504 8 393 8 256 119 8 256 8zm-28.9 143.6l75.5 72.4H120c-13.3 0-24 10.7-24 24v16c0 13.3 10.7 24 24 24h182.6l-75.5 72.4c-9.7 9.3-9.9 24.8-.4 34.3l11 10.9c9.4 9.4 24.6 9.4 33.9 0L404.3 273c9.4-9.4 9.4-24.6 0-33.9L271.6 106.3c-9.4-9.4-24.6-9.4-33.9 0l-11 10.9c-9.5 9.6-9.3 25.1.4 34.4z\"><\/path><\/svg>\t\t\t\t\t\t<\/span>\n\t\t\t\t\t\t\t\t\t\t<span class=\"elementor-icon-list-text\">telc Muttenz<\/span>\n\t\t\t\t\t\t\t\t\t\t\t<\/a>\n\t\t\t\t\t\t\t\t\t<\/li>\n\t\t\t\t\t\t\t\t<li class=\"elementor-icon-list-item\">\n\t\t\t\t\t\t\t\t\t\t\t<a href=\"https:\/\/sla-basel.ch\/en\/telc-olten\/\">\n\n\t\t\t\t\t\t\t\t\t\t\t\t<span class=\"elementor-icon-list-icon\">\n\t\t\t\t\t\t\t<svg aria-hidden=\"true\" class=\"e-font-icon-svg e-fas-arrow-circle-right\" viewbox=\"0 0 512 512\" xmlns=\"http:\/\/www.w3.org\/2000\/svg\"><path d=\"M256 8c137 0 248 111 248 248S393 504 256 504 8 393 8 256 119 8 256 8zm-28.9 143.6l75.5 72.4H120c-13.3 0-24 10.7-24 24v16c0 13.3 10.7 24 24 24h182.6l-75.5 72.4c-9.7 9.3-9.9 24.8-.4 34.3l11 10.9c9.4 9.4 24.6 9.4 33.9 0L404.3 273c9.4-9.4 9.4-24.6 0-33.9L271.6 106.3c-9.4-9.4-24.6-9.4-33.9 0l-11 10.9c-9.5 9.6-9.3 25.1.4 34.4z\"><\/path><\/svg>\t\t\t\t\t\t<\/span>\n\t\t\t\t\t\t\t\t\t\t<span class=\"elementor-icon-list-text\">telc Olten<\/span>\n\t\t\t\t\t\t\t\t\t\t\t<\/a>\n\t\t\t\t\t\t\t\t\t<\/li>\n\t\t\t\t\t\t\t\t<li class=\"elementor-icon-list-item\">\n\t\t\t\t\t\t\t\t\t\t\t<a href=\"https:\/\/sla-basel.ch\/en\/telc-rheinfelden\/\">\n\n\t\t\t\t\t\t\t\t\t\t\t\t<span class=\"elementor-icon-list-icon\">\n\t\t\t\t\t\t\t<svg aria-hidden=\"true\" class=\"e-font-icon-svg e-fas-arrow-circle-right\" viewbox=\"0 0 512 512\" xmlns=\"http:\/\/www.w3.org\/2000\/svg\"><path d=\"M256 8c137 0 248 111 248 248S393 504 256 504 8 393 8 256 119 8 256 8zm-28.9 143.6l75.5 72.4H120c-13.3 0-24 10.7-24 24v16c0 13.3 10.7 24 24 24h182.6l-75.5 72.4c-9.7 9.3-9.9 24.8-.4 34.3l11 10.9c9.4 9.4 24.6 9.4 33.9 0L404.3 273c9.4-9.4 9.4-24.6 0-33.9L271.6 106.3c-9.4-9.4-24.6-9.4-33.9 0l-11 10.9c-9.5 9.6-9.3 25.1.4 34.4z\"><\/path><\/svg>\t\t\t\t\t\t<\/span>\n\t\t\t\t\t\t\t\t\t\t<span class=\"elementor-icon-list-text\">telc Rheinfelden<\/span>\n\t\t\t\t\t\t\t\t\t\t\t<\/a>\n\t\t\t\t\t\t\t\t\t<\/li>\n\t\t\t\t\t\t\t\t<li class=\"elementor-icon-list-item\">\n\t\t\t\t\t\t\t\t\t\t\t<a href=\"https:\/\/sla-basel.ch\/en\/telc-schaffhausen\/\">\n\n\t\t\t\t\t\t\t\t\t\t\t\t<span class=\"elementor-icon-list-icon\">\n\t\t\t\t\t\t\t<svg aria-hidden=\"true\" class=\"e-font-icon-svg e-fas-arrow-circle-right\" viewbox=\"0 0 512 512\" xmlns=\"http:\/\/www.w3.org\/2000\/svg\"><path d=\"M256 8c137 0 248 111 248 248S393 504 256 504 8 393 8 256 119 8 256 8zm-28.9 143.6l75.5 72.4H120c-13.3 0-24 10.7-24 24v16c0 13.3 10.7 24 24 24h182.6l-75.5 72.4c-9.7 9.3-9.9 24.8-.4 34.3l11 10.9c9.4 9.4 24.6 9.4 33.9 0L404.3 273c9.4-9.4 9.4-24.6 0-33.9L271.6 106.3c-9.4-9.4-24.6-9.4-33.9 0l-11 10.9c-9.5 9.6-9.3 25.1.4 34.4z\"><\/path><\/svg>\t\t\t\t\t\t<\/span>\n\t\t\t\t\t\t\t\t\t\t<span class=\"elementor-icon-list-text\">telc Schaffhausen<\/span>\n\t\t\t\t\t\t\t\t\t\t\t<\/a>\n\t\t\t\t\t\t\t\t\t<\/li>\n\t\t\t\t\t\t\t\t<li class=\"elementor-icon-list-item\">\n\t\t\t\t\t\t\t\t\t\t\t<a href=\"https:\/\/sla-basel.ch\/en\/telc-solothurn\/\">\n\n\t\t\t\t\t\t\t\t\t\t\t\t<span class=\"elementor-icon-list-icon\">\n\t\t\t\t\t\t\t<svg aria-hidden=\"true\" class=\"e-font-icon-svg e-fas-arrow-circle-right\" viewbox=\"0 0 512 512\" xmlns=\"http:\/\/www.w3.org\/2000\/svg\"><path d=\"M256 8c137 0 248 111 248 248S393 504 256 504 8 393 8 256 119 8 256 8zm-28.9 143.6l75.5 72.4H120c-13.3 0-24 10.7-24 24v16c0 13.3 10.7 24 24 24h182.6l-75.5 72.4c-9.7 9.3-9.9 24.8-.4 34.3l11 10.9c9.4 9.4 24.6 9.4 33.9 0L404.3 273c9.4-9.4 9.4-24.6 0-33.9L271.6 106.3c-9.4-9.4-24.6-9.4-33.9 0l-11 10.9c-9.5 9.6-9.3 25.1.4 34.4z\"><\/path><\/svg>\t\t\t\t\t\t<\/span>\n\t\t\t\t\t\t\t\t\t\t<span class=\"elementor-icon-list-text\">telc Solothurn<\/span>\n\t\t\t\t\t\t\t\t\t\t\t<\/a>\n\t\t\t\t\t\t\t\t\t<\/li>\n\t\t\t\t\t\t\t\t<li class=\"elementor-icon-list-item\">\n\t\t\t\t\t\t\t\t\t\t\t<a href=\"https:\/\/sla-basel.ch\/en\/telc-winterthur\/\">\n\n\t\t\t\t\t\t\t\t\t\t\t\t<span class=\"elementor-icon-list-icon\">\n\t\t\t\t\t\t\t<svg aria-hidden=\"true\" class=\"e-font-icon-svg e-fas-arrow-circle-right\" viewbox=\"0 0 512 512\" xmlns=\"http:\/\/www.w3.org\/2000\/svg\"><path d=\"M256 8c137 0 248 111 248 248S393 504 256 504 8 393 8 256 119 8 256 8zm-28.9 143.6l75.5 72.4H120c-13.3 0-24 10.7-24 24v16c0 13.3 10.7 24 24 24h182.6l-75.5 72.4c-9.7 9.3-9.9 24.8-.4 34.3l11 10.9c9.4 9.4 24.6 9.4 33.9 0L404.3 273c9.4-9.4 9.4-24.6 0-33.9L271.6 106.3c-9.4-9.4-24.6-9.4-33.9 0l-11 10.9c-9.5 9.6-9.3 25.1.4 34.4z\"><\/path><\/svg>\t\t\t\t\t\t<\/span>\n\t\t\t\t\t\t\t\t\t\t<span class=\"elementor-icon-list-text\">telc Winterthur<\/span>\n\t\t\t\t\t\t\t\t\t\t\t<\/a>\n\t\t\t\t\t\t\t\t\t<\/li>\n\t\t\t\t\t\t\t\t<li class=\"elementor-icon-list-item\">\n\t\t\t\t\t\t\t\t\t\t\t<a href=\"https:\/\/sla-basel.ch\/en\/telc-train-station\/\">\n\n\t\t\t\t\t\t\t\t\t\t\t\t<span class=\"elementor-icon-list-icon\">\n\t\t\t\t\t\t\t<svg aria-hidden=\"true\" class=\"e-font-icon-svg e-fas-arrow-circle-right\" viewbox=\"0 0 512 512\" xmlns=\"http:\/\/www.w3.org\/2000\/svg\"><path d=\"M256 8c137 0 248 111 248 248S393 504 256 504 8 393 8 256 119 8 256 8zm-28.9 143.6l75.5 72.4H120c-13.3 0-24 10.7-24 24v16c0 13.3 10.7 24 24 24h182.6l-75.5 72.4c-9.7 9.3-9.9 24.8-.4 34.3l11 10.9c9.4 9.4 24.6 9.4 33.9 0L404.3 273c9.4-9.4 9.4-24.6 0-33.9L271.6 106.3c-9.4-9.4-24.6-9.4-33.9 0l-11 10.9c-9.5 9.6-9.3 25.1.4 34.4z\"><\/path><\/svg>\t\t\t\t\t\t<\/span>\n\t\t\t\t\t\t\t\t\t\t<span class=\"elementor-icon-list-text\">telc Zug<\/span>\n\t\t\t\t\t\t\t\t\t\t\t<\/a>\n\t\t\t\t\t\t\t\t\t<\/li>\n\t\t\t\t\t\t\t\t<li class=\"elementor-icon-list-item\">\n\t\t\t\t\t\t\t\t\t\t\t<a href=\"https:\/\/sla-basel.ch\/en\/telc-zurich\/\">\n\n\t\t\t\t\t\t\t\t\t\t\t\t<span class=\"elementor-icon-list-icon\">\n\t\t\t\t\t\t\t<svg aria-hidden=\"true\" class=\"e-font-icon-svg e-fas-arrow-circle-right\" viewbox=\"0 0 512 512\" xmlns=\"http:\/\/www.w3.org\/2000\/svg\"><path d=\"M256 8c137 0 248 111 248 248S393 504 256 504 8 393 8 256 119 8 256 8zm-28.9 143.6l75.5 72.4H120c-13.3 0-24 10.7-24 24v16c0 13.3 10.7 24 24 24h182.6l-75.5 72.4c-9.7 9.3-9.9 24.8-.4 34.3l11 10.9c9.4 9.4 24.6 9.4 33.9 0L404.3 273c9.4-9.4 9.4-24.6 0-33.9L271.6 106.3c-9.4-9.4-24.6-9.4-33.9 0l-11 10.9c-9.5 9.6-9.3 25.1.4 34.4z\"><\/path><\/svg>\t\t\t\t\t\t<\/span>\n\t\t\t\t\t\t\t\t\t\t<span class=\"elementor-icon-list-text\">telc Zurich<\/span>\n\t\t\t\t\t\t\t\t\t\t\t<\/a>\n\t\t\t\t\t\t\t\t\t<\/li>\n\t\t\t\t\t\t<\/ul>\n\t\t\t\t\t\t<\/div>\n\t\t\t\t<\/div>\n\t\t\t\t<div class=\"elementor-element elementor-element-08cf450 elementor-widget elementor-widget-image\" data-id=\"08cf450\" data-element_type=\"widget\" data-widget_type=\"image.default\">\n\t\t\t\t<div class=\"elementor-widget-container\">\n\t\t\t\t\t\t\t\t\t\t\t\t\t\t\t\t<a href=\"#Anmeldung\">\n\t\t\t\t\t\t\t<img decoding=\"async\" width=\"640\" height=\"563\" src=\"https:\/\/sla-basel.ch\/wp-content\/uploads\/2024\/08\/test_deutche1.jpg\" class=\"attachment-large size-large wp-image-9562\" alt=\"\" srcset=\"https:\/\/sla-basel.ch\/wp-content\/uploads\/2024\/08\/test_deutche1.jpg 1000w, https:\/\/sla-basel.ch\/wp-content\/uploads\/2024\/08\/test_deutche1-300x264.jpg 300w, https:\/\/sla-basel.ch\/wp-content\/uploads\/2024\/08\/test_deutche1-768x676.jpg 768w, https:\/\/sla-basel.ch\/wp-content\/uploads\/2024\/08\/test_deutche1-600x528.jpg 600w\" sizes=\"(max-width: 640px) 100vw, 640px\" \/>\t\t\t\t\t\t\t\t<\/a>\n\t\t\t\t\t\t\t\t\t\t\t\t\t\t\t<\/div>\n\t\t\t\t<\/div>\n\t\t\t\t<div class=\"elementor-element elementor-element-66a9937 elementor-widget elementor-widget-image\" data-id=\"66a9937\" data-element_type=\"widget\" data-widget_type=\"image.default\">\n\t\t\t\t<div class=\"elementor-widget-container\">\n\t\t\t\t\t\t\t\t\t\t\t\t\t\t\t\t<a href=\"http:\/\/sla-basel.ch\/en\/online-placement-test\/\">\n\t\t\t\t\t\t\t<img decoding=\"async\" width=\"640\" height=\"563\" src=\"https:\/\/sla-basel.ch\/wp-content\/uploads\/2024\/08\/test_deutche2.jpg\" class=\"attachment-large size-large wp-image-9563\" alt=\"\" srcset=\"https:\/\/sla-basel.ch\/wp-content\/uploads\/2024\/08\/test_deutche2.jpg 1000w, https:\/\/sla-basel.ch\/wp-content\/uploads\/2024\/08\/test_deutche2-300x264.jpg 300w, https:\/\/sla-basel.ch\/wp-content\/uploads\/2024\/08\/test_deutche2-768x676.jpg 768w, https:\/\/sla-basel.ch\/wp-content\/uploads\/2024\/08\/test_deutche2-600x528.jpg 600w\" sizes=\"(max-width: 640px) 100vw, 640px\" \/>\t\t\t\t\t\t\t\t<\/a>\n\t\t\t\t\t\t\t\t\t\t\t\t\t\t\t<\/div>\n\t\t\t\t<\/div>\n\t\t\t\t<\/div>\n\t\t\t\t<\/div>\n\t\t\t\t<\/div>\n\t\t\t\t\t<\/div>\n\t\t\t\t<\/div>\n\t\t\t\t<\/div>","protected":false},"excerpt":{"rendered":"<p>FIDE TEST BASEL Deutsch telc Pr\u00fcfung in Pratteln nicht verf\u00fcgbar? SLA Basel hat die L\u00f6sung! Wenn Sie in Pratteln leben&#8230;<\/p>","protected":false},"author":2,"featured_media":0,"parent":0,"menu_order":0,"comment_status":"closed","ping_status":"closed","template":"elementor_header_footer","meta":{"_exactmetrics_skip_tracking":false,"footnotes":""},"class_list":["post-15336","page","type-page","status-publish","hentry"],"yoast_head":"<!-- This site is optimized with the Yoast SEO plugin v28.1 - https:\/\/yoast.com\/product\/yoast-seo-wordpress\/ -->\n<title>telc Pratteln - SLA-Basel<\/title>\n<meta name=\"robots\" content=\"index, follow, max-snippet:-1, max-image-preview:large, max-video-preview:-1\" \/>\n<link rel=\"canonical\" href=\"http:\/\/sla-basel.ch\/en\/telc-pratteln\/\" \/>\n<meta property=\"og:locale\" content=\"en_GB\" \/>\n<meta property=\"og:type\" content=\"article\" \/>\n<meta property=\"og:title\" content=\"telc Pratteln - SLA-Basel\" \/>\n<meta property=\"og:description\" content=\"FIDE TEST BASEL Deutsch telc Pr\u00fcfung in Pratteln nicht verf\u00fcgbar? SLA Basel hat die L\u00f6sung! Wenn Sie in Pratteln leben&#8230;\" \/>\n<meta property=\"og:url\" content=\"http:\/\/sla-basel.ch\/en\/telc-pratteln\/\" \/>\n<meta property=\"og:site_name\" content=\"SLA-Basel\" \/>\n<meta property=\"article:modified_time\" content=\"2025-09-29T15:05:12+00:00\" \/>\n<meta property=\"og:image\" content=\"https:\/\/sla-basel.ch\/wp-content\/uploads\/2025\/03\/2.jpg\" \/>\n<meta name=\"twitter:card\" content=\"summary_large_image\" \/>\n<meta name=\"twitter:label1\" content=\"Estimated reading time\" \/>\n\t<meta name=\"twitter:data1\" content=\"5 minutes\" \/>\n<script type=\"application\/ld+json\" class=\"yoast-schema-graph\">{\"@context\":\"https:\\\/\\\/schema.org\",\"@graph\":[{\"@type\":\"WebPage\",\"@id\":\"http:\\\/\\\/sla-basel.ch\\\/en\\\/telc-pratteln\\\/\",\"url\":\"http:\\\/\\\/sla-basel.ch\\\/en\\\/telc-pratteln\\\/\",\"name\":\"telc Pratteln - SLA-Basel\",\"isPartOf\":{\"@id\":\"https:\\\/\\\/sla-basel.ch\\\/#website\"},\"primaryImageOfPage\":{\"@id\":\"http:\\\/\\\/sla-basel.ch\\\/en\\\/telc-pratteln\\\/#primaryimage\"},\"image\":{\"@id\":\"http:\\\/\\\/sla-basel.ch\\\/en\\\/telc-pratteln\\\/#primaryimage\"},\"thumbnailUrl\":\"https:\\\/\\\/sla-basel.ch\\\/wp-content\\\/uploads\\\/2025\\\/03\\\/2.jpg\",\"datePublished\":\"2025-09-29T14:51:37+00:00\",\"dateModified\":\"2025-09-29T15:05:12+00:00\",\"breadcrumb\":{\"@id\":\"http:\\\/\\\/sla-basel.ch\\\/en\\\/telc-pratteln\\\/#breadcrumb\"},\"inLanguage\":\"en-GB\",\"potentialAction\":[{\"@type\":\"ReadAction\",\"target\":[\"http:\\\/\\\/sla-basel.ch\\\/en\\\/telc-pratteln\\\/\"]}]},{\"@type\":\"ImageObject\",\"inLanguage\":\"en-GB\",\"@id\":\"http:\\\/\\\/sla-basel.ch\\\/en\\\/telc-pratteln\\\/#primaryimage\",\"url\":\"https:\\\/\\\/sla-basel.ch\\\/wp-content\\\/uploads\\\/2025\\\/03\\\/2.jpg\",\"contentUrl\":\"https:\\\/\\\/sla-basel.ch\\\/wp-content\\\/uploads\\\/2025\\\/03\\\/2.jpg\"},{\"@type\":\"BreadcrumbList\",\"@id\":\"http:\\\/\\\/sla-basel.ch\\\/en\\\/telc-pratteln\\\/#breadcrumb\",\"itemListElement\":[{\"@type\":\"ListItem\",\"position\":1,\"name\":\"Startseite\",\"item\":\"https:\\\/\\\/sla-basel.ch\\\/\"},{\"@type\":\"ListItem\",\"position\":2,\"name\":\"telc Pratteln\"}]},{\"@type\":\"WebSite\",\"@id\":\"https:\\\/\\\/sla-basel.ch\\\/#website\",\"url\":\"https:\\\/\\\/sla-basel.ch\\\/\",\"name\":\"SLA-Basel\",\"description\":\"Wir sind SLA-BASEL Kontaktiere uns Deutsch Super-Intensivkurse oder Die Individuelle Sprachsch\u00fcle\",\"publisher\":{\"@id\":\"https:\\\/\\\/sla-basel.ch\\\/#organization\"},\"potentialAction\":[{\"@type\":\"SearchAction\",\"target\":{\"@type\":\"EntryPoint\",\"urlTemplate\":\"https:\\\/\\\/sla-basel.ch\\\/?s={search_term_string}\"},\"query-input\":{\"@type\":\"PropertyValueSpecification\",\"valueRequired\":true,\"valueName\":\"search_term_string\"}}],\"inLanguage\":\"en-GB\"},{\"@type\":\"Organization\",\"@id\":\"https:\\\/\\\/sla-basel.ch\\\/#organization\",\"name\":\"SLA-Basel\",\"url\":\"https:\\\/\\\/sla-basel.ch\\\/\",\"logo\":{\"@type\":\"ImageObject\",\"inLanguage\":\"en-GB\",\"@id\":\"https:\\\/\\\/sla-basel.ch\\\/#\\\/schema\\\/logo\\\/image\\\/\",\"url\":\"https:\\\/\\\/sla-basel.ch\\\/wp-content\\\/uploads\\\/2024\\\/07\\\/cropped-SLA-Logo.png\",\"contentUrl\":\"https:\\\/\\\/sla-basel.ch\\\/wp-content\\\/uploads\\\/2024\\\/07\\\/cropped-SLA-Logo.png\",\"width\":803,\"height\":224,\"caption\":\"SLA-Basel\"},\"image\":{\"@id\":\"https:\\\/\\\/sla-basel.ch\\\/#\\\/schema\\\/logo\\\/image\\\/\"}}]}<\/script>\n<!-- \/ Yoast SEO plugin. -->","yoast_head_json":{"title":"telc Pratteln - SLA-Basel","robots":{"index":"index","follow":"follow","max-snippet":"max-snippet:-1","max-image-preview":"max-image-preview:large","max-video-preview":"max-video-preview:-1"},"canonical":"http:\/\/sla-basel.ch\/en\/telc-pratteln\/","og_locale":"en_GB","og_type":"article","og_title":"telc Pratteln - SLA-Basel","og_description":"FIDE TEST BASEL Deutsch telc Pr\u00fcfung in Pratteln nicht verf\u00fcgbar? SLA Basel hat die L\u00f6sung! Wenn Sie in Pratteln leben&#8230;","og_url":"http:\/\/sla-basel.ch\/en\/telc-pratteln\/","og_site_name":"SLA-Basel","article_modified_time":"2025-09-29T15:05:12+00:00","og_image":[{"url":"https:\/\/sla-basel.ch\/wp-content\/uploads\/2025\/03\/2.jpg","type":"","width":"","height":""}],"twitter_card":"summary_large_image","twitter_misc":{"Estimated reading time":"5 minutes"},"schema":{"@context":"https:\/\/schema.org","@graph":[{"@type":"WebPage","@id":"http:\/\/sla-basel.ch\/en\/telc-pratteln\/","url":"http:\/\/sla-basel.ch\/en\/telc-pratteln\/","name":"telc Pratteln - SLA-Basel","isPartOf":{"@id":"https:\/\/sla-basel.ch\/#website"},"primaryImageOfPage":{"@id":"http:\/\/sla-basel.ch\/en\/telc-pratteln\/#primaryimage"},"image":{"@id":"http:\/\/sla-basel.ch\/en\/telc-pratteln\/#primaryimage"},"thumbnailUrl":"https:\/\/sla-basel.ch\/wp-content\/uploads\/2025\/03\/2.jpg","datePublished":"2025-09-29T14:51:37+00:00","dateModified":"2025-09-29T15:05:12+00:00","breadcrumb":{"@id":"http:\/\/sla-basel.ch\/en\/telc-pratteln\/#breadcrumb"},"inLanguage":"en-GB","potentialAction":[{"@type":"ReadAction","target":["http:\/\/sla-basel.ch\/en\/telc-pratteln\/"]}]},{"@type":"ImageObject","inLanguage":"en-GB","@id":"http:\/\/sla-basel.ch\/en\/telc-pratteln\/#primaryimage","url":"https:\/\/sla-basel.ch\/wp-content\/uploads\/2025\/03\/2.jpg","contentUrl":"https:\/\/sla-basel.ch\/wp-content\/uploads\/2025\/03\/2.jpg"},{"@type":"BreadcrumbList","@id":"http:\/\/sla-basel.ch\/en\/telc-pratteln\/#breadcrumb","itemListElement":[{"@type":"ListItem","position":1,"name":"Startseite","item":"https:\/\/sla-basel.ch\/"},{"@type":"ListItem","position":2,"name":"telc Pratteln"}]},{"@type":"WebSite","@id":"https:\/\/sla-basel.ch\/#website","url":"https:\/\/sla-basel.ch\/","name":"SLA-Basel","description":"We are SLA-BASEL Contact us German Super-Intensive Courses or The Individual Language School","publisher":{"@id":"https:\/\/sla-basel.ch\/#organization"},"potentialAction":[{"@type":"SearchAction","target":{"@type":"EntryPoint","urlTemplate":"https:\/\/sla-basel.ch\/?s={search_term_string}"},"query-input":{"@type":"PropertyValueSpecification","valueRequired":true,"valueName":"search_term_string"}}],"inLanguage":"en-GB"},{"@type":"Organization","@id":"https:\/\/sla-basel.ch\/#organization","name":"SLA-Basel","url":"https:\/\/sla-basel.ch\/","logo":{"@type":"ImageObject","inLanguage":"en-GB","@id":"https:\/\/sla-basel.ch\/#\/schema\/logo\/image\/","url":"https:\/\/sla-basel.ch\/wp-content\/uploads\/2024\/07\/cropped-SLA-Logo.png","contentUrl":"https:\/\/sla-basel.ch\/wp-content\/uploads\/2024\/07\/cropped-SLA-Logo.png","width":803,"height":224,"caption":"SLA-Basel"},"image":{"@id":"https:\/\/sla-basel.ch\/#\/schema\/logo\/image\/"}}]}},"_links":{"self":[{"href":"https:\/\/sla-basel.ch\/en\/wp-json\/wp\/v2\/pages\/15336","targetHints":{"allow":["GET"]}}],"collection":[{"href":"https:\/\/sla-basel.ch\/en\/wp-json\/wp\/v2\/pages"}],"about":[{"href":"https:\/\/sla-basel.ch\/en\/wp-json\/wp\/v2\/types\/page"}],"author":[{"embeddable":true,"href":"https:\/\/sla-basel.ch\/en\/wp-json\/wp\/v2\/users\/2"}],"replies":[{"embeddable":true,"href":"https:\/\/sla-basel.ch\/en\/wp-json\/wp\/v2\/comments?post=15336"}],"version-history":[{"count":4,"href":"https:\/\/sla-basel.ch\/en\/wp-json\/wp\/v2\/pages\/15336\/revisions"}],"predecessor-version":[{"id":15393,"href":"https:\/\/sla-basel.ch\/en\/wp-json\/wp\/v2\/pages\/15336\/revisions\/15393"}],"wp:attachment":[{"href":"https:\/\/sla-basel.ch\/en\/wp-json\/wp\/v2\/media?parent=15336"}],"curies":[{"name":"well played","href":"https:\/\/api.w.org\/{rel}","templated":true}]}}